{"id":15624,"date":"2020-12-29T05:07:34","date_gmt":"2020-12-29T05:07:34","guid":{"rendered":"https:\/\/www.csmiguel.pt\/web\/?page_id=15624"},"modified":"2026-03-18T12:42:36","modified_gmt":"2026-03-18T11:42:36","slug":"eqavet-2","status":"publish","type":"page","link":"https:\/\/www.csmiguel.pt\/web\/eqavet-2\/","title":{"rendered":"EQAVET"},"content":{"rendered":"[vc_row][vc_column 0=&#8221;&#8221;][vc_column_text]\n<h2 style=\"text-align: center;\"><img fetchpriority=\"high\" decoding=\"async\" class=\"aligncenter size-full wp-image-15801\" src=\"https:\/\/www.csmiguel.pt\/web\/wp-content\/uploads\/2020\/12\/eqavet-selo-400.png\" alt=\"\" width=\"400\" height=\"142\" srcset=\"https:\/\/www.csmiguel.pt\/web\/wp-content\/uploads\/2020\/12\/eqavet-selo-400.png 400w, https:\/\/www.csmiguel.pt\/web\/wp-content\/uploads\/2020\/12\/eqavet-selo-400-300x107.png 300w\" sizes=\"(max-width: 400px) 100vw, 400px\" \/><\/h2>\n<h2><\/h2>\n<h2 style=\"text-align: center;\">Quadro EQAVET<\/h2>\n[\/vc_column_text][\/vc_column][\/vc_row][vc_row css=&#8221;.vc_custom_1609220422952{background-color: #ffffff !important;}&#8221;][vc_column 0=&#8221;&#8221;][vc_column_text]\n<p style=\"text-align: justify;\"><img decoding=\"async\" class=\"wp-image-15627 size-medium alignright\" src=\"https:\/\/www.csmiguel.pt\/web\/wp-content\/uploads\/documentos\/eqavet\/EQAVET-Master-logo-hi-res-300x191.jpg\" alt=\"EQAVET Logo\" width=\"300\" height=\"191\" srcset=\"https:\/\/www.csmiguel.pt\/web\/wp-content\/uploads\/documentos\/eqavet\/EQAVET-Master-logo-hi-res-300x191.jpg 300w, https:\/\/www.csmiguel.pt\/web\/wp-content\/uploads\/documentos\/eqavet\/EQAVET-Master-logo-hi-res-768x488.jpg 768w, https:\/\/www.csmiguel.pt\/web\/wp-content\/uploads\/documentos\/eqavet\/EQAVET-Master-logo-hi-res-1024x651.jpg 1024w, https:\/\/www.csmiguel.pt\/web\/wp-content\/uploads\/documentos\/eqavet\/EQAVET-Master-logo-hi-res.jpg 1181w\" sizes=\"(max-width: 300px) 100vw, 300px\" \/>O Quadro de Refer\u00eancia Europeu de Garantia da Qualidade para a Educa\u00e7\u00e3o e Forma\u00e7\u00e3o Profissionais (Quadro EQAVET) foi concebido para melhorar o Ensino e Forma\u00e7\u00e3o Profissional (EFP) no espa\u00e7o europeu, colocando \u00e0 disposi\u00e7\u00e3o das autoridades e dos operadores da EFP ferramentas comuns para a gest\u00e3o da qualidade, assentes numa forte articula\u00e7\u00e3o entre os diferentes \u201cstakeholders\u201d (decisores pol\u00edticos, organismos reguladores, operadores de EFP, alunos\/formandos, profissionais de EFP e de orienta\u00e7\u00e3o, encarregados de educa\u00e7\u00e3o, empres\u00e1rios e outros parceiros sociais) e no desenvolvimento, monitoriza\u00e7\u00e3o, avalia\u00e7\u00e3o e melhoria cont\u00ednua da efici\u00eancia da oferta.<\/p>\n<p style=\"text-align: justify;\">\u00c9 com grande agrado que informamos que foi atribu\u00eddo ao Col\u00e9gio de S\u00e3o Miguel o Selo de Conformidade EQAVET por 3 anos, pela ANQEP &#8211; Ag\u00eancia Nacional para a Qualifica\u00e7\u00e3o e Ensino Profissional.<\/p>\n<p style=\"text-align: justify;\">Esta atribui\u00e7\u00e3o, pelo per\u00edodo m\u00e1ximo poss\u00edvel, veio confirmar a qualidade de ensino da nossa oferta formativa, nomeadamente dos nossos cursos com Planos Pr\u00f3prios. A atribui\u00e7\u00e3o do Selo de Conformidade resulta de uma verifica\u00e7\u00e3o exaustiva por parte dos peritos externos que, de uma forma detalhada, avaliam o grau de compromisso do Col\u00e9gio com um modelo pedag\u00f3gico que proporcione o sucesso da forma\u00e7\u00e3o, a empregabilidade dos nossos cursos, o envolvimento da comunidade e o desenvolvimento de compet\u00eancias transversais, entre outros.<\/p>\n<p style=\"text-align: justify;\">Este \u00e9 mais um momento que solidifica o projeto educativo do Col\u00e9gio de S\u00e3o Miguel e refor\u00e7a os valores que o sustentam. Parab\u00e9ns a toda a comunidade.<\/p>\n[\/vc_column_text][\/vc_column][\/vc_row][vc_row][vc_column 0=&#8221;&#8221;]<div class=\"hr_gap\" style=\"height:30px;\"><\/div>[vc_column_text]\n<h3 style=\"text-align: center;\">Equipa EQAVET<\/h3>\n[\/vc_column_text]<div class=\"hr_gap\" style=\"height:10px;\"><\/div><div class=\"true-image-box-2 tt_animate_none  chlElGdz\"><div class=\"true-img-wrap\"><\/div><div class=\"true-text-wrap\"><span class=\"icon-circ-wrap\"><i class=\"true-custom-icon fa fa fa-users\"><\/i><\/span><div class=\"callout-details-wrap\">\n<h4 style=\"text-align: center;\">Diretor<\/h4>\n<p style=\"text-align: center;\">Manuel Louren\u00e7o<\/p>\n<h4 style=\"text-align: center;\">Diretor Pedag\u00f3gico<\/h4>\n<p style=\"text-align: center;\">Cl\u00e1udio Barroca<\/p>\n<h4 style=\"text-align: center;\">Coordenador de secund\u00e1rio<\/h4>\n<p style=\"text-align: center;\">Rui Parreira<\/p>\n<h4 style=\"text-align: center;\">Respons\u00e1vel da Qualidade<\/h4>\n<p style=\"text-align: center;\">Paulo Figueira<\/p>\n<h4 style=\"text-align: center;\">Membro dos Servi\u00e7os Administrativos<\/h4>\n<p style=\"text-align: center;\">Marlene Laranjeiro<\/p>\n<h4 style=\"text-align: center;\">Coordenadores de Curso<\/h4>\n<p style=\"text-align: center;\">Elsa Louren\u00e7o,\u00a0Ivone Oliveira,\u00a0Ot\u00edlia Pedro,\u00a0Paulo Figueira e Teresa Eug\u00e9nio<\/p>\n<h4 style=\"text-align: center;\">Membro do Servi\u00e7o de Psicologia e Orienta\u00e7\u00e3o<\/h4>\n<p style=\"text-align: center;\">Cristina Silva<\/p>\n<h4 style=\"text-align: center;\">Membro da Equipa Multidisciplinar de Apoio \u00e0 Educa\u00e7\u00e3o Inclusiva<\/h4>\n<p style=\"text-align: center;\">Cristina Silva<\/p>\n<\/div><\/div><\/div>[\/vc_column][\/vc_row][vc_row][vc_column 0=&#8221;&#8221;][\/vc_column][\/vc_row][vc_row][vc_column 0=&#8221;&#8221;]<div class=\"hr_gap\" style=\"height:50px;\"><\/div>[\/vc_column][\/vc_row][vc_row][vc_column 0=&#8221;&#8221;][vc_column_text]\n<h3 style=\"text-align: center;\">Documentos de candidatura a selo de qualidade<\/h3>\n[\/vc_column_text][\/vc_column][\/vc_row][vc_row 0=&#8221;&#8221;][vc_column 0=&#8221;&#8221;][vc_tta_accordion color=&#8221;sky&#8221; spacing=&#8221;4&#8243; c_icon=&#8221;triangle&#8221; active_section=&#8221;&#8221; collapsible_all=&#8221;true&#8221; el_id=&#8221;acordeao-eqavet&#8221; el_class=&#8221;eqavet-blue&#8221;][vc_tta_section i_icon_fontawesome=&#8221;fa fa-picture-o&#8221; add_icon=&#8221;true&#8221; title=&#8221;Diploma&#8221; tab_id=&#8221;1614434028581-acffbc9b-bc0e&#8221;][vc_column_text]<img decoding=\"async\" class=\"aligncenter size-full wp-image-15805\" src=\"https:\/\/www.csmiguel.pt\/web\/wp-content\/uploads\/documentos\/eqavet\/selo-eqavet-2025.png\" alt=\"\" width=\"1200\" height=\"848\" \/>[\/vc_column_text][\/vc_tta_section][vc_tta_section i_icon_fontawesome=&#8221;fa fa-file-pdf-o&#8221; add_icon=&#8221;true&#8221; title=&#8221;Documento Base&#8221; tab_id=&#8221;1609218579424-fd8f6169-d02b&#8221; el_class=&#8221;eqavet-blue&#8221;][vc_column_text 0=&#8221;&#8221;]<iframe class=\"pdfjs-viewer\" width=\"1000px\" height=\"849px\" src=\"https:\/\/www.csmiguel.pt\/web\/wp-content\/plugins\/pdf-viewer\/stable\/web\/viewer.html?file=https:\/\/www.csmiguel.pt\/web\/wp-content\/uploads\/documentos\/eqavet\/doc-base.pdf\"><\/iframe> [\/vc_column_text][\/vc_tta_section][vc_tta_section i_icon_fontawesome=&#8221;fa fa-file-pdf-o&#8221; add_icon=&#8221;true&#8221; title=&#8221;Plano de A\u00e7\u00e3o&#8221; tab_id=&#8221;1609218579425-dee76526-f89b&#8221;][vc_column_text 0=&#8221;&#8221;]<iframe class=\"pdfjs-viewer\" width=\"1000px\" height=\"849px\" src=\"https:\/\/www.csmiguel.pt\/web\/wp-content\/plugins\/pdf-viewer\/stable\/web\/viewer.html?file=https:\/\/www.csmiguel.pt\/web\/wp-content\/uploads\/documentos\/eqavet\/plano-accao.pdf\"><\/iframe> [\/vc_column_text][\/vc_tta_section][vc_tta_section i_icon_fontawesome=&#8221;fa fa-file-pdf-o&#8221; add_icon=&#8221;true&#8221; title=&#8221;Relat\u00f3rio do Operador&#8221; tab_id=&#8221;1609218618711-95678b5e-e393&#8243;][vc_column_text 0=&#8221;&#8221;]<iframe class=\"pdfjs-viewer\" width=\"1000px\" height=\"849px\" src=\"https:\/\/www.csmiguel.pt\/web\/wp-content\/plugins\/pdf-viewer\/stable\/web\/viewer.html?file=https:\/\/www.csmiguel.pt\/web\/wp-content\/uploads\/documentos\/eqavet\/relat-operador.pdf\"><\/iframe> [\/vc_column_text][\/vc_tta_section][vc_tta_section i_icon_fontawesome=&#8221;far fa-file-pdf&#8221; add_icon=&#8221;true&#8221; title=&#8221;Projeto Educativo&#8221; tab_id=&#8221;1706654877660-2f3a1f13-01d9&#8243;][vc_column_text]<iframe class=\"pdfjs-viewer\" width=\"1000px\" height=\"849px\" src=\"https:\/\/www.csmiguel.pt\/web\/wp-content\/plugins\/pdf-viewer\/stable\/web\/viewer.html?file=https:\/\/www.csmiguel.pt\/web\/wp-content\/uploads\/documentos\/01_Projeto_Educativo_2023_2026.pdf\"><\/iframe> [\/vc_column_text][\/vc_tta_section][vc_tta_section i_icon_fontawesome=&#8221;far fa-file-pdf&#8221; add_icon=&#8221;true&#8221; title=&#8221;Regulamento Interno&#8221; tab_id=&#8221;1706654982304-ab252d97-993e&#8221;][vc_column_text]<iframe class=\"pdfjs-viewer\" width=\"1000px\" height=\"849px\" src=\"https:\/\/www.csmiguel.pt\/web\/wp-content\/plugins\/pdf-viewer\/stable\/web\/viewer.html?file=https:\/\/www.csmiguel.pt\/web\/wp-content\/uploads\/documentos\/02_Regulamento_Interno_SET_23.pdf\"><\/iframe> [\/vc_column_text][\/vc_tta_section][vc_tta_section i_icon_fontawesome=&#8221;fa fa-file-pdf-o&#8221; add_icon=&#8221;true&#8221; title=&#8221;Manual de Boas Pr\u00e1ticas&#8221; tab_id=&#8221;1610592212260-f0fe61f6-2022&#8243;][vc_column_text 0=&#8221;&#8221;]<iframe class=\"pdfjs-viewer\" width=\"1000px\" height=\"849px\" src=\"https:\/\/www.csmiguel.pt\/web\/wp-content\/plugins\/pdf-viewer\/stable\/web\/viewer.html?file=https:\/\/www.csmiguel.pt\/web\/wp-content\/uploads\/documentos\/Manual-de-boas-praticas_2023.pdf\"><\/iframe> [\/vc_column_text][\/vc_tta_section][vc_tta_section i_icon_fontawesome=&#8221;fa fa-file-pdf-o&#8221; add_icon=&#8221;true&#8221; title=&#8221;Plano Anual de Atividades&#8221; tab_id=&#8221;1610591548073-7c341925-6095&#8243;][vc_column_text]<iframe class=\"pdfjs-viewer\" width=\"1000px\" height=\"849px\" src=\"https:\/\/www.csmiguel.pt\/web\/wp-content\/plugins\/pdf-viewer\/stable\/web\/viewer.html?file=https:\/\/www.csmiguel.pt\/web\/wp-content\/uploads\/documentos\/17_PAA-23_24.pdf\"><\/iframe> [\/vc_column_text][\/vc_tta_section][vc_tta_section i_icon_fontawesome=&#8221;far fa-folder-open&#8221; add_icon=&#8221;true&#8221; title=&#8221;Documentos dos Cursos com Planos Pr\u00f3prios&#8221; tab_id=&#8221;1705662735966-272c5f3d-8a27&#8243;][vc_column_text][\/vc_column_text]<dl class=\"true-accordion  JFhyyRku tt_animate_none\"><dt>Regulamento dos Cursos com Planos Pr\u00f3prios<\/dt><dd><iframe class=\"pdfjs-viewer\" width=\"1000px\" height=\"849px\" src=\"https:\/\/www.csmiguel.pt\/web\/wp-content\/plugins\/pdf-viewer\/stable\/web\/viewer.html?file=https:\/\/www.csmiguel.pt\/web\/wp-content\/uploads\/documentos\/03_Regulamento_dos_cursos_PP_set_2021.pdf\"><\/iframe> <\/dd><dt>Regulamento da Forma\u00e7\u00e3o em Contexto de Trabalho<\/dt><dd><iframe class=\"pdfjs-viewer\" width=\"1000px\" height=\"849px\" src=\"https:\/\/www.csmiguel.pt\/web\/wp-content\/plugins\/pdf-viewer\/stable\/web\/viewer.html?file=https:\/\/www.csmiguel.pt\/web\/wp-content\/uploads\/documentos\/20_Regulamento_da_FCT_set_2023.pdf\"><\/iframe> <\/dd><dt>Regulamento da Prova de Aptid\u00e3o Profissional<\/dt><dd><iframe class=\"pdfjs-viewer\" width=\"1000px\" height=\"849px\" src=\"https:\/\/www.csmiguel.pt\/web\/wp-content\/plugins\/pdf-viewer\/stable\/web\/viewer.html?file=https:\/\/www.csmiguel.pt\/web\/wp-content\/uploads\/documentos\/Regulamento_da_PAP_SET2025.pdf\"><\/iframe> <\/dd><\/dl>[\/vc_tta_section][vc_tta_section i_icon_fontawesome=&#8221;fas fa-question-circle&#8221; add_icon=&#8221;true&#8221; title=&#8221;Inqu\u00e9ritos&#8221; tab_id=&#8221;1610691534382-1029f3dd-bcbe&#8221;]<dl class=\"true-accordion  kzHjQYMM tt_animate_none\"><dt>Inqu\u00e9rito FCT - Alunos, E.E., Entidades FCT (junho 2023)<\/dt><dd><iframe class=\"pdfjs-viewer\" width=\"1000px\" height=\"849px\" src=\"https:\/\/www.csmiguel.pt\/web\/wp-content\/plugins\/pdf-viewer\/stable\/web\/viewer.html?file=https:\/\/www.csmiguel.pt\/web\/wp-content\/uploads\/documentos\/eqavet\/inqueritos\/Inqueritos-FCT-Alunos-EE-Monitores-jun2023.pdf\"><\/iframe> \n<\/dd><dt>Inqu\u00e9rito a alunos (fevereiro 2023)<\/dt><dd><iframe class=\"pdfjs-viewer\" width=\"1000px\" height=\"849px\" src=\"https:\/\/www.csmiguel.pt\/web\/wp-content\/plugins\/pdf-viewer\/stable\/web\/viewer.html?file=https:\/\/www.csmiguel.pt\/web\/wp-content\/uploads\/documentos\/eqavet\/inqueritos\/Inquerito-a-alunos-fev2023.pdf\"><\/iframe> <\/dd><dt>Inqu\u00e9rito a Encarregados de Educa\u00e7\u00e3o (fevereiro 2023)<\/dt><dd><iframe class=\"pdfjs-viewer\" width=\"1000px\" height=\"849px\" src=\"https:\/\/www.csmiguel.pt\/web\/wp-content\/plugins\/pdf-viewer\/stable\/web\/viewer.html?file=https:\/\/www.csmiguel.pt\/web\/wp-content\/uploads\/documentos\/eqavet\/inqueritos\/Inquerito-aos-Encarregados-de-Educacao-fev2023.pdf\"><\/iframe> <\/dd><dt>Inqu\u00e9ritos a Entidades Parceiras FCT (fevereiro 2023)<\/dt><dd><iframe class=\"pdfjs-viewer\" width=\"1000px\" height=\"849px\" src=\"https:\/\/www.csmiguel.pt\/web\/wp-content\/plugins\/pdf-viewer\/stable\/web\/viewer.html?file=https:\/\/www.csmiguel.pt\/web\/wp-content\/uploads\/documentos\/eqavet\/inqueritos\/Inquerito-de-Satisfacao-a-Entidades-Parceiras-fev2023.pdf\"><\/iframe> <\/dd><dt>Inqu\u00e9ritos a Pessoal Docente e n\u00e3o Docente (fevereiro 2023)<\/dt><dd><iframe class=\"pdfjs-viewer\" width=\"1000px\" height=\"849px\" src=\"https:\/\/www.csmiguel.pt\/web\/wp-content\/plugins\/pdf-viewer\/stable\/web\/viewer.html?file=https:\/\/www.csmiguel.pt\/web\/wp-content\/uploads\/documentos\/eqavet\/inqueritos\/Inquerito-aos-Colaboradores-fev2023.pdf\"><\/iframe> <\/dd><\/dl>[\/vc_tta_section][vc_tta_section i_icon_fontawesome=&#8221;fa fa-file-text-o&#8221; add_icon=&#8221;true&#8221; title=&#8221;Entidades com Parceria (Forma\u00e7\u00e3o em Contexto de Trabalho)&#8221; tab_id=&#8221;1610637385686-838682a5-be2a&#8221;][vc_column_text]A Moderna Ouriense \u2013 Reparadora de Autom\u00f3veis, Lda<br \/>\nADOC \u2013 Apoio desenv. Contab. Lda<br \/>\nAPAJE<br \/>\nAbrigo S. Jos\u00e9 \u2013 Mira de Aire<br \/>\nAgrupamento de Escolas Conde de Our\u00e9m<br \/>\nAgrupamento de Escolas de Caranguejeira e Santa Catarina da Serra<br \/>\nAgrupamento de Escolas de Our\u00e9m<br \/>\nAm &#8211; Arquiteta<br \/>\nAn\u00edbal Oliveira Cristina, Lda<br \/>\nAqueciLiz, S.A.<br \/>\nAssocia\u00e7\u00e3o Centro de Dia da Freguesia de F\u00e1tima<br \/>\nAssocia\u00e7\u00e3o Humanit\u00e1ria da Barosa<br \/>\nAssocia\u00e7\u00e3o para o Desenvolvimento Social da Loureira<br \/>\nAuto Coelhinhos, SA<br \/>\nAvelino Ferreira Figueira Eni<br \/>\nBarrinho Transportes, SA<br \/>\nBelavista, Lda &#8211; Resid\u00eancia Geri\u00e1trica Our\u00e9m<br \/>\nBigbrand, Lda.<br \/>\nBindopor &#8211; Ind\u00fastria E Com\u00e9rcio Internacional, Lda<br \/>\nCabopol, S.A.<br \/>\nCasa Diocesana do Clero de Leiria-F\u00e1tima<br \/>\nCasa da Crian\u00e7a<br \/>\nCasa de Repouso de F\u00e1tima \u2013 Fazarga (LAR)<br \/>\nCasa de S\u00e3o Jorge<br \/>\nCastilhano &amp; Ferreira \u2013 Ind\u00fastria de Tetos Falsos e Divis\u00f3ria, S.A.<br \/>\nCentro Contab. Desenv. Our\u00e9m<br \/>\nCentro Contabilidade Gest\u00e3o Desenv. Lda<br \/>\nCentro Desportivo Social e Cultural do Cercal<br \/>\nCentro Escolar da Cova da Iria<br \/>\nCentro Escolar de Beato Nuno<br \/>\nCentro Escolar de S\u00e3o Mamede<br \/>\nCentro Paroquial de Freixianda<br \/>\nCentro Social Par\u00f3quia dos Pousos<br \/>\nCentro Social da Divina Provid\u00eancia<br \/>\nCentro Social e Cultural \u2013 Par\u00f3quia de S. Mamede IPSS<br \/>\nCentro Social e Paroquial da Caranguejeira<br \/>\nCentro Social e Paroquial da Freguesia de Atouguia<br \/>\nCentro Social e Paroquial de Santa Catarina da Serra<br \/>\nCentro de Bem Estar Social de Minde<br \/>\nCentro de Bem Estar de Bairro<br \/>\nCentro de Reabilita\u00e7\u00e3o e integra\u00e7\u00e3o de F\u00e1tima<br \/>\nClece Vitam<br \/>\nCmconcept<br \/>\nComunidade Can\u00e7\u00e3o Nova<br \/>\nCongrega\u00e7\u00e3o das Religiosas do Amor de Deus<br \/>\nConstru\u00e7\u00f5es JJR &amp; Filhos, SA<br \/>\nConstru\u00e7\u00f5es Pragosa, S.A.<br \/>\nCozinhas Micra. Sa<br \/>\nCreche Bom Samaritano<br \/>\nCreche Mam\u00e3 Ganso<br \/>\nCreche O Pinheirinho<br \/>\nDconstrutiva, Lda<br \/>\nDigitalHouse, Sistemas Inform\u00e1ticos e Forma\u00e7\u00e3o, Lda.<br \/>\nDisterm \u2013 Dist. Climatiza\u00e7\u00e3o, SA<br \/>\nDomusnet \u2013 Inform\u00e1tica, Produtos e servi\u00e7os, Lda.<br \/>\nDulce Helena S. Gon\u00e7alves \u2013 Contabilidade<br \/>\nElectrodaniel \u2013 Instala\u00e7\u00f5es El\u00e9ctricas, Unip. Lda.<br \/>\nEscola Infantil Jacinta Marto<br \/>\nEscola do 1\u00ba Ciclo de Cercal<br \/>\nEscola do 1\u00ba Ciclo de Moita Redonda<br \/>\nEtapa Sequencial Unipessoal, Lda<br \/>\nEurohuman, SA<br \/>\nFerros, S.A.<br \/>\nFilipe Saraiva Arquitetos,Lda<br \/>\nFuas Contab \u2013 Contabilidade e Gest\u00e3o, Lda<br \/>\nFunda\u00e7\u00e3o Arca da Alian\u00e7a \u2013 ERPI<br \/>\nFunda\u00e7\u00e3o Dr. Agostinho Albano de Almeida<br \/>\nF\u00e1tima S\u00e9nior<br \/>\nGLN \u2013 Molding S.A.<br \/>\nGabinete De Est\u00e9tica Mademoiselle<br \/>\nGabinete Paula Barbosa<br \/>\nGeoide Geosystems, SA<br \/>\nGertrudes Reis Unipessoal, Lda (Cork For Me)<br \/>\nGestfat \u2013 Contabilidade e Servi\u00e7os, Lda<br \/>\nGold Pet, Lda<br \/>\nGrandesign \u2013 Design, Prototyping And Rapid Manufacturing, Lda<br \/>\nHotel Cooking and Nature<br \/>\nHumbert Marques \u2013 Cash and Carry, Lda.<br \/>\nIMB \u2013 Gest\u00e3o e Contabilidade, Lda<br \/>\nImp\u00e9rio das Mem\u00f3rias, lda<br \/>\nIncentea \u2013 Tecnologia De Gest\u00e3o, S.A<br \/>\nInforAbreu, Lda<br \/>\nInforegisto \u2013 Contabilidade e Gest\u00e3o, Lda.<br \/>\nInnovsimple, Lda<br \/>\nInterlover\u00b4s \u2013 Home Styling, Lda.<br \/>\nIrmandade Santa Casa da Miseric\u00f3rdia da Batalha<br \/>\nIrmandade da Santa Casa<br \/>\nIsabel Maria Oliveira Antunes Eni<br \/>\nJ. Justino das Neves, SA<br \/>\nJardim Infantil de Our\u00e9m<br \/>\nJardim de Inf\u00e2ncia Centro Paroquial de Atouguia<br \/>\nJardim de Inf\u00e2ncia Moinho de Vento<br \/>\nJardim de Inf\u00e2ncia de Bairro<br \/>\nJardim de Inf\u00e2ncia de Boleiros<br \/>\nJardim de Inf\u00e2ncia de Cercal<br \/>\nJardim de Inf\u00e2ncia de Gondemaria<br \/>\nJardim de Inf\u00e2ncia \u201c0 Ninho\u201d<br \/>\nJofeper II, Lda<br \/>\nJos\u00e9 Paulo Siphioni Casimiro Eni<br \/>\nKIF \u2013 Contabilidade, Unip. Lda.<br \/>\nLPM \u2013 Grupo NOV Autom\u00f3veis<br \/>\nLaborat\u00f3rio De Arquitetura &#8211; Andr\u00e9 Ferreira Da Silva, Lda<br \/>\nLar Conchego de Valongo<br \/>\nLeonardo Rito Unipessoal, Lda<br \/>\nLisMolde, Lda<br \/>\nLoja Das Artes<br \/>\nLubrif\u00e1tima, Lda.<br \/>\nLusiaves, SA<br \/>\nLuvifal \u2013 Soc. Constru\u00e7\u00f5es, Lda.<br \/>\nMT Conta \u2013 Contabilidade, Lda.<br \/>\nMadeiF\u00e1tima, Lda<br \/>\nMagicalstage, Lda<br \/>\nMaia Perfil , SA<br \/>\nManuel Agostinho Ferreira &amp; Filhos, Lda<br \/>\nManuel da Costa e Silva, Lda.<br \/>\nManulena, Lda<br \/>\nMarcant, Lda.<br \/>\nMaria Idalina Neves Ferraria (Maria D&#8217;cora\u00e7\u00e3o) Eni<br \/>\nMarlene Salgueiro Unipessoal, Lda (Mosho)<br \/>\nMatcer\u00e2mica \u2013 Desenvolvimento E Servi\u00e7os, Lda<br \/>\nMegaPC \u2013 Inform\u00e1tica e Software, Lda<br \/>\nMhm Oficina De Design<br \/>\nMicroAbreu \u2013 Sistemas Inform\u00e1ticos, Lda<br \/>\nMontalman, Lda<br \/>\nMunic\u00edpio de Leiria<br \/>\nMunic\u00edpio de Our\u00e9m<br \/>\nMunic\u00edpio de Porto de M\u00f3s<br \/>\nNOV Servi\u00e7os Partilhados, ACE<br \/>\nNeves &amp; Santos, SA<br \/>\nNewtab Inform\u00e1tica e Telecomunica\u00e7\u00f5es<br \/>\nNext Solution, Lda<br \/>\nNhm Printed Gift \u2013 Sociedade Unipessoal, Lda.<br \/>\nNot\u00edcias De F\u00e1tima, Lda<br \/>\nNovo Rumo Contabilidade Lda<br \/>\nNo\u00e9lia Esp\u00edrito Santo &#8211; Arquiteta<br \/>\nN\u00fameros Articulados, Lda.<br \/>\nOfone \u2013 Proc. Dados, Lda.<br \/>\nOurisegur \u2013 Media\u00e7\u00e3o Seguros, Lda.<br \/>\nO\u00e1sis<br \/>\nPC Prime de Vitor Guerra Unipessoal, Lda.<br \/>\nPedra Alva, Lda<br \/>\nPluritime \u2013 Contabilidade, Lda.<br \/>\nPousogessos \u2013 Com\u00e9rcio de Materiais de Constru\u00e7\u00e3o, Lda<br \/>\nPrintmotion &#8211; Publicidade E Servi\u00e7os, Lda<br \/>\nProdutiva \u2013 Ag\u00eancia De Publicidade Unipessoal, Lda<br \/>\nProfial, SA<br \/>\nPropecu\u00e1ria, SA<br \/>\nQualis\u00e9nior \u2013 Resid\u00eancia Geri\u00e1trica<br \/>\nRaiz do Sab\u00e3o de Maria de F\u00e1tima Dias Vieira<br \/>\nResid\u00eancia Amor de Deus<br \/>\nRolur Noivos, Lda (Noivas D. Dinis)<br \/>\nRos\u00e1rios MRP Unip. Lda.<br \/>\nSanta Casa da Miseric\u00f3rdia F\u00e1tima \u2013 Our\u00e9m<br \/>\nSanta Casa da Miseric\u00f3rdia de Leiria<br \/>\nSantos &amp; Gomes<br \/>\nSlicevidence, Lda (Atto)<br \/>\nSombra Ilustrada, Lda<br \/>\nSporting Clube de Portugal<br \/>\nSupernove \u2013 Intermarch\u00e9<br \/>\nSwitzer Unipessoal Lda<br \/>\nS\u00e9culo Xxi Fashion Trading, Lda<br \/>\nTPB \u2013 Tecnologia em Pavimentos e Constru\u00e7\u00e3o, S.A.<br \/>\nTecWelt de Fl\u00e1vio Rosa Soares<br \/>\nTecnor\u00e9m \u2013 Eng. E Const., SA<br \/>\nTera Studio &#8211; Marketing Digital<br \/>\nTerafone, Servi\u00e7os Globais de Comunica\u00e7\u00f5es, Unipessoal, Lda<br \/>\nThomar Criativo<br \/>\nTiago Bernardo Lopes, ENI<br \/>\nTipografia De F\u00e1tima, Lda<br \/>\nTribos Urbanas<br \/>\nTrig\u00e9nius \u2013 Tecnologias da Informa\u00e7\u00e3o, SA.<br \/>\nVerdasca &amp; Verdasca, S.A.<br \/>\nVioletta Momot (Atelier L&amp;V) Eni<br \/>\nVitral D\u2019Arte[\/vc_column_text][\/vc_tta_section][vc_tta_section i_icon_fontawesome=&#8221;fa fa-question-circle&#8221; add_icon=&#8221;true&#8221; title=&#8221;Inqu\u00e9ritos aos Alunos&#8221; tab_id=&#8221;1610695441154-86225647-9dc2&#8243;][vc_column_text]<iframe class=\"pdfjs-viewer\" width=\"1000px\" height=\"849px\" src=\"https:\/\/www.csmiguel.pt\/web\/wp-content\/plugins\/pdf-viewer\/stable\/web\/viewer.html?file=https:\/\/www.csmiguel.pt\/web\/wp-content\/uploads\/documentos\/eqavet\/questionario-eqavet-alunos-jan2021.pdf\"><\/iframe> [\/vc_column_text][\/vc_tta_section][vc_tta_section i_icon_fontawesome=&#8221;far fa-file-pdf&#8221; add_icon=&#8221;true&#8221; title=&#8221;Relat\u00f3rio de Progresso Anual N.\u00ba 1&#8243; tab_id=&#8221;1695207518064-ff3ef016-589d&#8221;][vc_column_text]<iframe class=\"pdfjs-viewer\" width=\"1000px\" height=\"849px\" src=\"https:\/\/www.csmiguel.pt\/web\/wp-content\/plugins\/pdf-viewer\/stable\/web\/viewer.html?file=https:\/\/www.csmiguel.pt\/web\/wp-content\/uploads\/documentos\/eqavet\/Relatorio-de-progresso-anual-2022.pdf\"><\/iframe> [\/vc_column_text][\/vc_tta_section][vc_tta_section i_icon_fontawesome=&#8221;far fa-file-pdf&#8221; add_icon=&#8221;true&#8221; title=&#8221;Relat\u00f3rio de Progresso Anual N.\u00ba 2&#8243; tab_id=&#8221;1695207522162-9eb9b7ac-a25a&#8221;][vc_column_text]<iframe class=\"pdfjs-viewer\" width=\"1000px\" height=\"849px\" src=\"https:\/\/www.csmiguel.pt\/web\/wp-content\/plugins\/pdf-viewer\/stable\/web\/viewer.html?file=https:\/\/www.csmiguel.pt\/web\/wp-content\/uploads\/documentos\/eqavet\/Relatorio-de-progresso-anual-2023.pdf\"><\/iframe> [\/vc_column_text][\/vc_tta_section][vc_tta_section i_icon_fontawesome=&#8221;far fa-file-pdf&#8221; add_icon=&#8221;true&#8221; title=&#8221;Relat\u00f3rio de Progresso Anual N.\u00ba 3&#8243; tab_id=&#8221;1708425091660-a646bee6-68e0&#8243;][vc_column_text]<iframe class=\"pdfjs-viewer\" width=\"1000px\" height=\"849px\" src=\"https:\/\/www.csmiguel.pt\/web\/wp-content\/plugins\/pdf-viewer\/stable\/web\/viewer.html?file=https:\/\/www.csmiguel.pt\/web\/wp-content\/uploads\/documentos\/eqavet\/Relatorio-de-progresso-anual-2024.pdf\"><\/iframe> [\/vc_column_text][\/vc_tta_section][vc_tta_section i_icon_fontawesome=&#8221;far fa-file-pdf&#8221; add_icon=&#8221;true&#8221; title=&#8221;Relat\u00f3rio de Progresso Anual N.\u00ba 4&#8243; tab_id=&#8221;1773833981211-d4ffc781-ead1&#8243;][vc_column_text]<iframe class=\"pdfjs-viewer\" width=\"1000px\" height=\"849px\" src=\"https:\/\/www.csmiguel.pt\/web\/wp-content\/plugins\/pdf-viewer\/stable\/web\/viewer.html?file=https:\/\/www.csmiguel.pt\/web\/wp-content\/uploads\/documentos\/eqavet\/Relatorio-de-progresso-anual-2025.pdf\"><\/iframe> [\/vc_column_text][\/vc_tta_section][vc_tta_section i_icon_fontawesome=&#8221;far fa-file-pdf&#8221; add_icon=&#8221;true&#8221; title=&#8221;Plano de Melhoria&#8221; tab_id=&#8221;1706654397492-daa48463-5ea6&#8243;][vc_column_text]<iframe class=\"pdfjs-viewer\" width=\"1000px\" height=\"849px\" src=\"https:\/\/www.csmiguel.pt\/web\/wp-content\/plugins\/pdf-viewer\/stable\/web\/viewer.html?file=https:\/\/www.csmiguel.pt\/web\/wp-content\/uploads\/documentos\/Plano_de_Melhoria_EQAVET_jan_2024.pdf\"><\/iframe> [\/vc_column_text][\/vc_tta_section][\/vc_tta_accordion][\/vc_column][\/vc_row]\n","protected":false},"excerpt":{"rendered":"<p>[vc_row][vc_column 0=&#8221;&#8221;][vc_column_text]<\/p>\n<p>\nQuadro EQAVET<br \/>\n[\/vc_column_text][\/vc_column][\/vc_row][vc_row css=&#8221;.vc_custom_1609220422952{background-color: #ffffff !important;}&#8221;][vc_column 0=&#8221;&#8221;][vc_column_text]<br \/>\nO Quadro de Refer\u00eancia Europeu de Garantia da Qualidade para a Educa\u00e7\u00e3o e Forma\u00e7\u00e3o Profissionais (Quadro EQAVET) foi concebido para melhorar o Ensino e Forma\u00e7\u00e3o Profissional (EFP) no espa\u00e7o europeu, colocando \u00e0 disposi\u00e7\u00e3o das autoridades e dos operadores da EFP ferramentas comuns para a gest\u00e3o da qualidade, assentes numa forte articula\u00e7\u00e3o entre os diferentes \u201cstakeholders\u201d (decisores pol\u00edticos, organismos reguladores, operadores de EFP, alunos\/formandos, profissionais de EFP e de orienta\u00e7\u00e3o, &#8230;<\/p>\n","protected":false},"author":5,"featured_media":0,"parent":0,"menu_order":0,"comment_status":"closed","ping_status":"closed","template":"template-blank-canvas.php","meta":{"pgc_meta":"","_monsterinsights_skip_tracking":false,"_monsterinsights_sitenote_active":false,"_monsterinsights_sitenote_note":"","_monsterinsights_sitenote_category":0,"iawp_total_views":1716,"footnotes":""},"class_list":["post-15624","page","type-page","status-publish","hentry"],"pgc_meta":"","_links":{"self":[{"href":"https:\/\/www.csmiguel.pt\/web\/wp-json\/wp\/v2\/pages\/15624"}],"collection":[{"href":"https:\/\/www.csmiguel.pt\/web\/wp-json\/wp\/v2\/pages"}],"about":[{"href":"https:\/\/www.csmiguel.pt\/web\/wp-json\/wp\/v2\/types\/page"}],"author":[{"embeddable":true,"href":"https:\/\/www.csmiguel.pt\/web\/wp-json\/wp\/v2\/users\/5"}],"replies":[{"embeddable":true,"href":"https:\/\/www.csmiguel.pt\/web\/wp-json\/wp\/v2\/comments?post=15624"}],"version-history":[{"count":83,"href":"https:\/\/www.csmiguel.pt\/web\/wp-json\/wp\/v2\/pages\/15624\/revisions"}],"predecessor-version":[{"id":19588,"href":"https:\/\/www.csmiguel.pt\/web\/wp-json\/wp\/v2\/pages\/15624\/revisions\/19588"}],"wp:attachment":[{"href":"https:\/\/www.csmiguel.pt\/web\/wp-json\/wp\/v2\/media?parent=15624"}],"curies":[{"name":"wp","href":"https:\/\/api.w.org\/{rel}","templated":true}]}}