{"id":14118,"date":"2019-04-04T14:44:13","date_gmt":"2019-04-04T14:44:13","guid":{"rendered":"http:\/\/www.csmiguel.pt\/web\/?page_id=14118"},"modified":"2020-09-06T18:31:27","modified_gmt":"2020-09-06T18:31:27","slug":"grupo-da-amnistia-internacional","status":"publish","type":"page","link":"https:\/\/www.csmiguel.pt\/web\/grupo-da-amnistia-internacional\/","title":{"rendered":"Grupo da Amnistia Internacional"},"content":{"rendered":"<h3 style=\"text-align: center;\">Grupo da Amnistia Internacional<\/h3>\n<p>&nbsp;<\/p>\n<p style=\"text-align: justify;\"><a href=\"https:\/\/csmiguel.pt\/web\/wp-content\/uploads\/2019\/04\/amn1.png\"><img decoding=\"async\" class=\"alignright wp-image-14119\" src=\"https:\/\/csmiguel.pt\/web\/wp-content\/uploads\/2019\/04\/amn1.png\" alt=\"\" width=\"138\" height=\"137\" srcset=\"https:\/\/www.csmiguel.pt\/web\/wp-content\/uploads\/2019\/04\/amn1.png 303w, https:\/\/www.csmiguel.pt\/web\/wp-content\/uploads\/2019\/04\/amn1-150x150.png 150w, https:\/\/www.csmiguel.pt\/web\/wp-content\/uploads\/2019\/04\/amn1-300x298.png 300w, https:\/\/www.csmiguel.pt\/web\/wp-content\/uploads\/2019\/04\/amn1-71x71.png 71w, https:\/\/www.csmiguel.pt\/web\/wp-content\/uploads\/2019\/04\/amn1-36x36.png 36w\" sizes=\"(max-width: 138px) 100vw, 138px\" \/><\/a>A <strong>AMNISTIA INTERNACIONAL<\/strong> \u00e9 um movimento global de mais de 7 milh\u00f5es de pessoas em mais de 150 pa\u00edses e territ\u00f3rios que luta para p\u00f4r fim aos abusos dos direitos humanos.<br \/>\nA nossa <strong>VIS\u00c3O<\/strong> \u00e9 um mundo em que cada pessoa goze de todos os direitos plasmados na Declara\u00e7\u00e3o Universal dos Direitos Humanos e outros padr\u00f5es internacionais de direitos humanos.<br \/>\nA nossa <strong>MISS\u00c3O<\/strong> \u00e9 investigar e agir de modo a prevenir e a p\u00f4r fim a abusos de direitos humanos e exigir justi\u00e7a para aqueles cujos direitos tenham sido violados.<\/p>\n<p>&nbsp;<\/p>\n<p style=\"text-align: justify;\"><strong>HIST\u00d3RIA DO MOVIMENTO<\/strong><\/p>\n<p style=\"text-align: justify;\"><a href=\"https:\/\/csmiguel.pt\/web\/wp-content\/uploads\/2019\/04\/amn2.png\"><img fetchpriority=\"high\" decoding=\"async\" class=\"alignleft wp-image-14120\" src=\"https:\/\/csmiguel.pt\/web\/wp-content\/uploads\/2019\/04\/amn2.png\" alt=\"\" width=\"216\" height=\"298\" srcset=\"https:\/\/www.csmiguel.pt\/web\/wp-content\/uploads\/2019\/04\/amn2.png 435w, https:\/\/www.csmiguel.pt\/web\/wp-content\/uploads\/2019\/04\/amn2-218x300.png 218w\" sizes=\"(max-width: 216px) 100vw, 216px\" \/><\/a>Em 1961, um advogado Ingl\u00eas, <strong>Peter Benenson<\/strong> lan\u00e7ou uma campanha mundial (\u201cApelo para Amnistia 1961\u201d) com a publica\u00e7\u00e3o de um artigo proeminente \u201cOs Prisioneiros Esquecidos\u201d no Jornal \u201cThe Observer\u201d. A not\u00edcia da deten\u00e7\u00e3o de dois estudantes portugueses que elevaram os seus copos para brindar em p\u00fablico \u00e0 liberdade, levou Benenson a escrever este artigo. O seu apelo foi publicado em muitos outros jornais pelo mundo fora tornando-se assim na g\u00e9nese da Amnistia Internacional.<br \/>\nA primeira reuni\u00e3o internacional teve lugar em <strong>julho de 1961<\/strong>, com delegados da B\u00e9lgica, do Reino Unido, Fran\u00e7a, Alemanha, Irlanda, Su\u00ed\u00e7a e dos EUA. Decidiram estabelecer \u201cum movimento permanente em defesa da liberdade de opini\u00e3o e de religi\u00e3o \u201c, o qual ficou conhecido como <strong>AMNISTIA INTERNACIONAL<\/strong>.<br \/>\nNo dia dos Direitos Humanos, 10 de dezembro, a primeira vela da Amnistia (o log\u00f3tipo da Amnistia \u00e9 uma vela envolta em arame farpado) foi acesa na Igreja de St-Martin-in-the-Fields, em Londres.<\/p>\n<p>&nbsp;<\/p>\n<p style=\"text-align: justify;\"><strong>AMNISTIA INTERNACIONAL PORTUGAL<\/strong><\/p>\n<p style=\"text-align: justify;\"><a href=\"https:\/\/csmiguel.pt\/web\/wp-content\/uploads\/2019\/04\/amn3.png\"><img decoding=\"async\" class=\"alignleft wp-image-14121\" src=\"https:\/\/csmiguel.pt\/web\/wp-content\/uploads\/2019\/04\/amn3.png\" alt=\"\" width=\"132\" height=\"132\" srcset=\"https:\/\/www.csmiguel.pt\/web\/wp-content\/uploads\/2019\/04\/amn3.png 150w, https:\/\/www.csmiguel.pt\/web\/wp-content\/uploads\/2019\/04\/amn3-71x71.png 71w, https:\/\/www.csmiguel.pt\/web\/wp-content\/uploads\/2019\/04\/amn3-36x36.png 36w\" sizes=\"(max-width: 132px) 100vw, 132px\" \/><\/a>Sec\u00e7\u00e3o Portuguesa da Amnistia Internacional foi criada em <strong>1981<\/strong>, vinte anos depois da funda\u00e7\u00e3o do movimento internacional e resultado do esfor\u00e7o de v\u00e1rios membros portugueses da organiza\u00e7\u00e3o que manifestaram o seu interesse na cria\u00e7\u00e3o de uma estrutura em Portugal. A Sec\u00e7\u00e3o Portuguesa inicia o seu trabalho com 50 membros e dois grupos locais, situados em Alg\u00e9s e Lisboa.<br \/>\nAtualmente, mais de 15 mil membros, apoiantes e ativistas que, por todo o pa\u00eds, atuam em defesa dos direitos humanos.<\/p>\n<p>&nbsp;<\/p>\n<p style=\"text-align: justify;\"><strong>COMO FAZEMOS A MUDAN\u00c7A ACONTECER?<\/strong><\/p>\n<p style=\"text-align: justify;\">O trabalho realizado pela Amnistia Internacional divide-se em tr\u00eas etapas: investiga\u00e7\u00e3o, advocacia e mobiliza\u00e7\u00e3o.<\/p>\n<p>&nbsp;<\/p>\n<p style=\"text-align: justify;\"><strong>INVESTIGA\u00c7\u00c3O<\/strong><\/p>\n<p style=\"text-align: justify;\"><a href=\"https:\/\/csmiguel.pt\/web\/wp-content\/uploads\/2019\/04\/amn4.png\"><img loading=\"lazy\" decoding=\"async\" class=\"alignright wp-image-14122\" src=\"https:\/\/csmiguel.pt\/web\/wp-content\/uploads\/2019\/04\/amn4.png\" alt=\"\" width=\"140\" height=\"140\" srcset=\"https:\/\/www.csmiguel.pt\/web\/wp-content\/uploads\/2019\/04\/amn4.png 300w, https:\/\/www.csmiguel.pt\/web\/wp-content\/uploads\/2019\/04\/amn4-150x150.png 150w, https:\/\/www.csmiguel.pt\/web\/wp-content\/uploads\/2019\/04\/amn4-71x71.png 71w, https:\/\/www.csmiguel.pt\/web\/wp-content\/uploads\/2019\/04\/amn4-36x36.png 36w\" sizes=\"(max-width: 140px) 100vw, 140px\" \/><\/a>Informa\u00e7\u00e3o cred\u00edvel \u00e9 a base do nosso trabalho. Fazemos sempre a nossa pr\u00f3pria investiga\u00e7\u00e3o, de forma independente e as suspeitas de abusos de direitos humanos s\u00e3o examinadas cuidadosamente. Equipas de investiga\u00e7\u00e3o no terreno viajam para zonas afetadas em todo o mundo para documentar e analisar abusos individuais de direitos humanos bem como padr\u00f5es de abusos. Quando os nossos investigadores t\u00eam a certeza de que a informa\u00e7\u00e3o est\u00e1 correta, agimos.<\/p>\n<p>&nbsp;<\/p>\n<p style=\"text-align: justify;\"><strong>ADVOCACIA<\/strong><\/p>\n<p style=\"text-align: justify;\"><a href=\"https:\/\/csmiguel.pt\/web\/wp-content\/uploads\/2019\/04\/amn5.png\"><img loading=\"lazy\" decoding=\"async\" class=\"alignleft wp-image-14123\" src=\"https:\/\/csmiguel.pt\/web\/wp-content\/uploads\/2019\/04\/amn5.png\" alt=\"\" width=\"130\" height=\"130\" srcset=\"https:\/\/www.csmiguel.pt\/web\/wp-content\/uploads\/2019\/04\/amn5.png 300w, https:\/\/www.csmiguel.pt\/web\/wp-content\/uploads\/2019\/04\/amn5-150x150.png 150w, https:\/\/www.csmiguel.pt\/web\/wp-content\/uploads\/2019\/04\/amn5-71x71.png 71w, https:\/\/www.csmiguel.pt\/web\/wp-content\/uploads\/2019\/04\/amn5-36x36.png 36w\" sizes=\"(max-width: 130px) 100vw, 130px\" \/><\/a>Exercemos advocacia e press\u00e3o direta em l\u00edderes e decisores pol\u00edticos, atuando a n\u00edvel local, nacional e internacional para exigir que os l\u00edderes tomem as decis\u00f5es corretas e fiquem do lado dos direitos humanos na hist\u00f3ria.<\/p>\n<p>&nbsp;<\/p>\n<p>&nbsp;<\/p>\n<p style=\"text-align: justify;\"><strong>MOBILIZA\u00c7\u00c3O<\/strong><br \/>\n<a href=\"https:\/\/csmiguel.pt\/web\/wp-content\/uploads\/2019\/04\/amn6.png\"><img loading=\"lazy\" decoding=\"async\" class=\"alignright wp-image-14124\" src=\"https:\/\/csmiguel.pt\/web\/wp-content\/uploads\/2019\/04\/amn6.png\" alt=\"\" width=\"132\" height=\"132\" srcset=\"https:\/\/www.csmiguel.pt\/web\/wp-content\/uploads\/2019\/04\/amn6.png 300w, https:\/\/www.csmiguel.pt\/web\/wp-content\/uploads\/2019\/04\/amn6-150x150.png 150w, https:\/\/www.csmiguel.pt\/web\/wp-content\/uploads\/2019\/04\/amn6-71x71.png 71w, https:\/\/www.csmiguel.pt\/web\/wp-content\/uploads\/2019\/04\/amn6-36x36.png 36w\" sizes=\"(max-width: 132px) 100vw, 132px\" \/><\/a>Fazemos campanhas de mobiliza\u00e7\u00e3o e consciencializa\u00e7\u00e3o p\u00fablica sobre os abusos de direitos humanos documentados.<br \/>\nCriamos uma rede de membros e ativistas, dotando-os com as informa\u00e7\u00f5es e ferramentas que precisam para que se fa\u00e7am ouvir, para que os direitos humanos sejam protegidos.<\/p>\n<p>&nbsp;<\/p>\n<p style=\"text-align: justify;\"><strong>AMNISTIA INTERNACIONAL \u2013 COL\u00c9GIO DE S. MIGUEL<\/strong><\/p>\n<div id=\"attachment_14125\" style=\"width: 306px\" class=\"wp-caption alignright\"><a href=\"https:\/\/csmiguel.pt\/web\/wp-content\/uploads\/2019\/04\/amn7.jpg\"><img loading=\"lazy\" decoding=\"async\" aria-describedby=\"caption-attachment-14125\" class=\" wp-image-14125\" src=\"https:\/\/csmiguel.pt\/web\/wp-content\/uploads\/2019\/04\/amn7.jpg\" alt=\"\" width=\"296\" height=\"451\" srcset=\"https:\/\/www.csmiguel.pt\/web\/wp-content\/uploads\/2019\/04\/amn7.jpg 489w, https:\/\/www.csmiguel.pt\/web\/wp-content\/uploads\/2019\/04\/amn7-197x300.jpg 197w\" sizes=\"(max-width: 296px) 100vw, 296px\" \/><\/a><p id=\"caption-attachment-14125\" class=\"wp-caption-text\">Atividade: FLASH MOB (s\u00edmbolo da Amnistia)<\/p><\/div>\n<p style=\"text-align: justify;\">No <strong>ano letivo 2006-2007<\/strong>, quatro alunas do Col\u00e9gio de S\u00e3o Miguel, longe do r\u00f3tulo de espetadoras passivas, quiseram mostrar que \u00e9 poss\u00edvel aos jovens serem agentes da mudan\u00e7a, n\u00e3o ficando presos ou reduzidos ao sil\u00eancio e \u00e0 ina\u00e7\u00e3o. Diante da injusti\u00e7a e dos v\u00e1rios atropelos \u00e0 dignidade da pessoa humana que todos observamos \u00e0 frente dos nossos olhos, estas alunas quiseram intervir e mostrar que, quando a resigna\u00e7\u00e3o, o conformismo, a viol\u00eancia crescem e se tornam quase norma, ainda h\u00e1 esperan\u00e7a, porque a realidade social n\u00e3o \u00e9 um dado adquirido, \u00e9 algo que se constr\u00f3i em fun\u00e7\u00e3o de sonhos, ideais, causas que n\u00e3o podem esmorecer, sob pena de perder o humano que h\u00e1 em cada um de n\u00f3s.<br \/>\nA escolha destas alunas foi participar ativamente na cria\u00e7\u00e3o de uma escola melhor, de um mundo melhor onde cada um possa fruir dos seus direitos. Quiseram ser sentinelas para proteger e promover os direitos humanos colaborando com a dire\u00e7\u00e3o do Col\u00e9gio e os professores e refor\u00e7ando a coopera\u00e7\u00e3o com estes, na base do respeito e da confian\u00e7a m\u00fatua.<br \/>\nA <strong>MISS\u00c3O<\/strong> do clube, definida pelas fundadoras, \u00e9 dar aos alunos do Col\u00e9gio os meios de participar ativamente em diversas atividades de promo\u00e7\u00e3o e defesa dos direitos humanos, descobrindo e conhecendo melhor o mundo no qual vivemos e devemos intervir para corrigir o que est\u00e1 mal e melhorar o que pode ainda ser melhorado.<\/p>\n<div id=\"attachment_14126\" style=\"width: 189px\" class=\"wp-caption alignleft\"><a href=\"https:\/\/csmiguel.pt\/web\/wp-content\/uploads\/2019\/04\/amn8.jpg\"><img loading=\"lazy\" decoding=\"async\" aria-describedby=\"caption-attachment-14126\" class=\" wp-image-14126\" src=\"https:\/\/csmiguel.pt\/web\/wp-content\/uploads\/2019\/04\/amn8.jpg\" alt=\"\" width=\"179\" height=\"155\" srcset=\"https:\/\/www.csmiguel.pt\/web\/wp-content\/uploads\/2019\/04\/amn8.jpg 499w, https:\/\/www.csmiguel.pt\/web\/wp-content\/uploads\/2019\/04\/amn8-300x262.jpg 300w\" sizes=\"(max-width: 179px) 100vw, 179px\" \/><\/a><p id=\"caption-attachment-14126\" class=\"wp-caption-text\">Atividade: RED HAND DAY<\/p><\/div>\n<p style=\"text-align: justify;\">Estas alunas criaram, com um professor, o <strong>Clube da Amnistia Internacional<\/strong> como um meio inovador para revindicar liberdades fundamentais, para se exprimir e desenvolver atividades de sensibiliza\u00e7\u00e3o, consciencializa\u00e7\u00e3o e de interven\u00e7\u00e3o na realidade escolar e local. Desde 2006-2007, ano ap\u00f3s ano, o clube tem-se mantido vivo e sempre fiel aos princ\u00edpios para o qual nasceu: um clube de alunos para alunos, apoiado por um professor, que visa deixar marcas positivas no Col\u00e9gio que deu espa\u00e7o aos alunos para terem uma <strong>VOZ<\/strong> ativa na constru\u00e7\u00e3o de uma escola e mundo melhores, porque \u00abmais vale acender uma vela do que amaldi\u00e7oar a escurid\u00e3o\u00bb (prov\u00e9rbio chin\u00eas que \u00e9 ilustrado no logotipo da Amnistia Internacional \u2013 uma vela acesa rodeada de arame farpado).<\/p>\n<p>&nbsp;<\/p>\n<p><img loading=\"lazy\" decoding=\"async\" class=\"aligncenter size-full wp-image-15418\" src=\"https:\/\/www.csmiguel.pt\/web\/wp-content\/uploads\/2019\/04\/grupo-amnistia-2020.jpg\" alt=\"\" width=\"1200\" height=\"800\" srcset=\"https:\/\/www.csmiguel.pt\/web\/wp-content\/uploads\/2019\/04\/grupo-amnistia-2020.jpg 1200w, https:\/\/www.csmiguel.pt\/web\/wp-content\/uploads\/2019\/04\/grupo-amnistia-2020-300x200.jpg 300w, https:\/\/www.csmiguel.pt\/web\/wp-content\/uploads\/2019\/04\/grupo-amnistia-2020-768x512.jpg 768w, https:\/\/www.csmiguel.pt\/web\/wp-content\/uploads\/2019\/04\/grupo-amnistia-2020-1024x683.jpg 1024w\" sizes=\"(max-width: 1200px) 100vw, 1200px\" \/><\/p>\n","protected":false},"excerpt":{"rendered":"<p>Grupo da Amnistia Internacional<br \/>\n&nbsp;<br \/>\nA AMNISTIA INTERNACIONAL \u00e9 um movimento global de mais de 7 milh\u00f5es de pessoas em mais de 150 pa\u00edses e territ\u00f3rios que luta para p\u00f4r fim aos abusos dos direitos humanos.<br \/>\nA nossa VIS\u00c3O \u00e9 um mundo em que cada pessoa goze de todos os direitos plasmados na Declara\u00e7\u00e3o Universal dos Direitos Humanos e outros padr\u00f5es internacionais de direitos humanos.<br \/>\nA nossa MISS\u00c3O \u00e9 investigar e agir de modo a prevenir e a p\u00f4r fim &#8230;<\/p>\n","protected":false},"author":1,"featured_media":0,"parent":0,"menu_order":0,"comment_status":"closed","ping_status":"closed","template":"","meta":{"pgc_meta":"","_monsterinsights_skip_tracking":false,"_monsterinsights_sitenote_active":false,"_monsterinsights_sitenote_note":"","_monsterinsights_sitenote_category":0,"iawp_total_views":460,"footnotes":""},"class_list":["post-14118","page","type-page","status-publish","hentry"],"pgc_meta":"","_links":{"self":[{"href":"https:\/\/www.csmiguel.pt\/web\/wp-json\/wp\/v2\/pages\/14118"}],"collection":[{"href":"https:\/\/www.csmiguel.pt\/web\/wp-json\/wp\/v2\/pages"}],"about":[{"href":"https:\/\/www.csmiguel.pt\/web\/wp-json\/wp\/v2\/types\/page"}],"author":[{"embeddable":true,"href":"https:\/\/www.csmiguel.pt\/web\/wp-json\/wp\/v2\/users\/1"}],"replies":[{"embeddable":true,"href":"https:\/\/www.csmiguel.pt\/web\/wp-json\/wp\/v2\/comments?post=14118"}],"version-history":[{"count":7,"href":"https:\/\/www.csmiguel.pt\/web\/wp-json\/wp\/v2\/pages\/14118\/revisions"}],"predecessor-version":[{"id":15420,"href":"https:\/\/www.csmiguel.pt\/web\/wp-json\/wp\/v2\/pages\/14118\/revisions\/15420"}],"wp:attachment":[{"href":"https:\/\/www.csmiguel.pt\/web\/wp-json\/wp\/v2\/media?parent=14118"}],"curies":[{"name":"wp","href":"https:\/\/api.w.org\/{rel}","templated":true}]}}