{"id":13042,"date":"2018-05-15T09:31:30","date_gmt":"2018-05-15T09:31:30","guid":{"rendered":"http:\/\/csmiguel.pt\/web\/?page_id=13042"},"modified":"2018-05-29T10:08:26","modified_gmt":"2018-05-29T10:08:26","slug":"noticias-associacao-pais","status":"publish","type":"page","link":"https:\/\/www.csmiguel.pt\/web\/noticias-associacao-pais\/","title":{"rendered":"Not\u00edcias"},"content":{"rendered":"[vc_row][vc_column][vc_column_text]<img decoding=\"async\" class=\"aligncenter\" src=\"https:\/\/csmiguel.pt\/web\/wp-content\/uploads\/2018\/05\/Logo_A_Pais_CSMiguel_small.png\" alt=\"Log\u00f3tipo Associa\u00e7\u00e3o de Pais\" width=\"260\" height=\"184\" \/>[\/vc_column_text][\/vc_column][\/vc_row][vc_row][vc_column 0=&#8221;&#8221;][vc_column_text]\n<h1 style=\"text-align: center\">\u00daltimas Not\u00edcias &#8211; Associa\u00e7\u00e3o de Pais<\/h1>\n<p>&nbsp;<\/p>\n<div class=\"pt-cv-wrapper\"><div class=\"pt-cv-view pt-cv-grid pt-cv-colsys\" id=\"pt-cv-view-b317db3xm0\"><div data-id=\"pt-cv-page-1\" class=\"pt-cv-page\" data-cvc=\"3\"><div class=\"col-md-4 col-sm-6 col-xs-12 pt-cv-content-item pt-cv-1-col\" ><div class='pt-cv-ifield'><a href=\"https:\/\/www.csmiguel.pt\/web\/19424-2\/\" class=\"_self pt-cv-href-thumbnail pt-cv-thumb-default\" target=\"_self\" ><img fetchpriority=\"high\" decoding=\"async\" width=\"300\" height=\"200\" src=\"https:\/\/www.csmiguel.pt\/web\/wp-content\/uploads\/2025\/11\/OS_AP_CSM_nov25-300x200.png\" class=\"pt-cv-thumbnail\" alt=\"\" srcset=\"https:\/\/www.csmiguel.pt\/web\/wp-content\/uploads\/2025\/11\/OS_AP_CSM_nov25-300x200.png 300w, https:\/\/www.csmiguel.pt\/web\/wp-content\/uploads\/2025\/11\/OS_AP_CSM_nov25-320x213.png 320w, https:\/\/www.csmiguel.pt\/web\/wp-content\/uploads\/2025\/11\/OS_AP_CSM_nov25.png 330w\" sizes=\"(max-width: 300px) 100vw, 300px\" \/><\/a>\n<h5 class=\"pt-cv-title\"><a href=\"https:\/\/www.csmiguel.pt\/web\/19424-2\/\" class=\"_self\" target=\"_self\" >Elei\u00e7\u00f5es dos \u00d3rg\u00e3os Sociais da Associa\u00e7\u00e3o de Pais do Col\u00e9gio de S. Miguel<\/a><\/h5>\n<div class=\"pt-cv-content\">No passado dia 23 de outubro, realizaram-se as elei\u00e7\u00f5es para os \u00f3rg\u00e3os sociais da Associa\u00e7\u00e3o de Pais do Col\u00e9gio de ...<br \/><div class=\"pt-cv-rmwrap\"><a href=\"https:\/\/www.csmiguel.pt\/web\/19424-2\/\" class=\"_self pt-cv-readmore btn btn-success\" target=\"_self\">Ler Mais<\/a><\/div><\/div><\/div><\/div>\n<div class=\"col-md-4 col-sm-6 col-xs-12 pt-cv-content-item pt-cv-1-col\" ><div class='pt-cv-ifield'><a href=\"https:\/\/www.csmiguel.pt\/web\/associacao-de-pais-eleicoes\/\" class=\"_self pt-cv-href-thumbnail pt-cv-thumb-default\" target=\"_self\" ><img decoding=\"async\" width=\"300\" height=\"200\" src=\"https:\/\/www.csmiguel.pt\/web\/wp-content\/uploads\/2023\/10\/a-pais-out23-0-300x200.png\" class=\"pt-cv-thumbnail\" alt=\"\" srcset=\"https:\/\/www.csmiguel.pt\/web\/wp-content\/uploads\/2023\/10\/a-pais-out23-0-300x200.png 300w, https:\/\/www.csmiguel.pt\/web\/wp-content\/uploads\/2023\/10\/a-pais-out23-0-320x213.png 320w, https:\/\/www.csmiguel.pt\/web\/wp-content\/uploads\/2023\/10\/a-pais-out23-0.png 330w\" sizes=\"(max-width: 300px) 100vw, 300px\" \/><\/a>\n<h5 class=\"pt-cv-title\"><a href=\"https:\/\/www.csmiguel.pt\/web\/associacao-de-pais-eleicoes\/\" class=\"_self\" target=\"_self\" >Associa\u00e7\u00e3o de Pais &#8211; Elei\u00e7\u00f5es<\/a><\/h5>\n<div class=\"pt-cv-content\">Na passada quinta-feira, 19 de outubro, realizaram-se as elei\u00e7\u00f5es para os \u00f3rg\u00e3os sociais da Associa\u00e7\u00e3o de Pais do Col\u00e9gio de ...<br \/><div class=\"pt-cv-rmwrap\"><a href=\"https:\/\/www.csmiguel.pt\/web\/associacao-de-pais-eleicoes\/\" class=\"_self pt-cv-readmore btn btn-success\" target=\"_self\">Ler Mais<\/a><\/div><\/div><\/div><\/div>\n<div class=\"col-md-4 col-sm-6 col-xs-12 pt-cv-content-item pt-cv-1-col\" ><div class='pt-cv-ifield'><a href=\"https:\/\/www.csmiguel.pt\/web\/eleicao-dos-corpos-sociais-para-o-bienio-20212023\/\" class=\"_self pt-cv-href-thumbnail pt-cv-thumb-default\" target=\"_self\" ><img loading=\"lazy\" decoding=\"async\" width=\"300\" height=\"225\" src=\"https:\/\/www.csmiguel.pt\/web\/wp-content\/uploads\/apais\/IMG_7608-300x225.jpg\" class=\"pt-cv-thumbnail\" alt=\"\" srcset=\"https:\/\/www.csmiguel.pt\/web\/wp-content\/uploads\/apais\/IMG_7608-300x225.jpg 300w, https:\/\/www.csmiguel.pt\/web\/wp-content\/uploads\/apais\/IMG_7608-768x576.jpg 768w, https:\/\/www.csmiguel.pt\/web\/wp-content\/uploads\/apais\/IMG_7608-1024x768.jpg 1024w, https:\/\/www.csmiguel.pt\/web\/wp-content\/uploads\/apais\/IMG_7608.jpg 2016w\" sizes=\"(max-width: 300px) 100vw, 300px\" \/><\/a>\n<h5 class=\"pt-cv-title\"><a href=\"https:\/\/www.csmiguel.pt\/web\/eleicao-dos-corpos-sociais-para-o-bienio-20212023\/\" class=\"_self\" target=\"_self\" >Elei\u00e7\u00e3o dos corpos sociais para o bi\u00e9nio 2021\/2023<\/a><\/h5>\n<div class=\"pt-cv-content\">Realizou-se a 28 de outubro de 2021 a Assembleia Geral Ordin\u00e1ria da Associa\u00e7\u00e3o de Pais para apresenta\u00e7\u00e3o de contas \u00a0e ...<br \/><div class=\"pt-cv-rmwrap\"><a href=\"https:\/\/www.csmiguel.pt\/web\/eleicao-dos-corpos-sociais-para-o-bienio-20212023\/\" class=\"_self pt-cv-readmore btn btn-success\" target=\"_self\">Ler Mais<\/a><\/div><\/div><\/div><\/div>\n<div class=\"col-md-4 col-sm-6 col-xs-12 pt-cv-content-item pt-cv-1-col\" ><div class='pt-cv-ifield'><a href=\"https:\/\/www.csmiguel.pt\/web\/formacao-online-gratuita-para-pais-e-encarregados-de-educacao\/\" class=\"_self pt-cv-href-thumbnail pt-cv-thumb-default\" target=\"_self\" ><img loading=\"lazy\" decoding=\"async\" width=\"281\" height=\"187\" src=\"https:\/\/www.csmiguel.pt\/web\/wp-content\/uploads\/2021\/03\/barbara_dias.png\" class=\"pt-cv-thumbnail\" alt=\"\" \/><\/a>\n<h5 class=\"pt-cv-title\"><a href=\"https:\/\/www.csmiguel.pt\/web\/formacao-online-gratuita-para-pais-e-encarregados-de-educacao\/\" class=\"_self\" target=\"_self\" >Forma\u00e7\u00e3o &#8220;online&#8221; gratuita para Pais e Encarregados de Educa\u00e7\u00e3o<\/a><\/h5>\n<div class=\"pt-cv-content\">Exmos. Srs. Pais e Encarregados de Educa\u00e7\u00e3o do Col\u00e9gio de S\u00e3o Miguel, A Associa\u00e7\u00e3o de Pais do Col\u00e9gio de S\u00e3o ...<br \/><div class=\"pt-cv-rmwrap\"><a href=\"https:\/\/www.csmiguel.pt\/web\/formacao-online-gratuita-para-pais-e-encarregados-de-educacao\/\" class=\"_self pt-cv-readmore btn btn-success\" target=\"_self\">Ler Mais<\/a><\/div><\/div><\/div><\/div>\n<div class=\"col-md-4 col-sm-6 col-xs-12 pt-cv-content-item pt-cv-1-col\" ><div class='pt-cv-ifield'><a href=\"https:\/\/www.csmiguel.pt\/web\/boas-vindas-20202021\/\" class=\"_self pt-cv-href-thumbnail pt-cv-thumb-default\" target=\"_self\" ><img loading=\"lazy\" decoding=\"async\" width=\"300\" height=\"200\" src=\"https:\/\/www.csmiguel.pt\/web\/wp-content\/uploads\/2018\/05\/Logo_A_Pais_CSMiguel_small-300x200.png\" class=\"pt-cv-thumbnail\" alt=\"\" srcset=\"https:\/\/www.csmiguel.pt\/web\/wp-content\/uploads\/2018\/05\/Logo_A_Pais_CSMiguel_small-300x200.png 300w, https:\/\/www.csmiguel.pt\/web\/wp-content\/uploads\/2018\/05\/Logo_A_Pais_CSMiguel_small.png 330w\" sizes=\"(max-width: 300px) 100vw, 300px\" \/><\/a>\n<h5 class=\"pt-cv-title\"><a href=\"https:\/\/www.csmiguel.pt\/web\/boas-vindas-20202021\/\" class=\"_self\" target=\"_self\" >Boas Vindas 2020\/2021<\/a><\/h5>\n<div class=\"pt-cv-content\">A Associa\u00e7\u00e3o de Pais do Col\u00e9gio de S\u00e3o Miguel deseja aos alunos, pais e encarregados de educa\u00e7\u00e3o, professores e restantes ...<br \/><div class=\"pt-cv-rmwrap\"><a href=\"https:\/\/www.csmiguel.pt\/web\/boas-vindas-20202021\/\" class=\"_self pt-cv-readmore btn btn-success\" target=\"_self\">Ler Mais<\/a><\/div><\/div><\/div><\/div>\n<div class=\"col-md-4 col-sm-6 col-xs-12 pt-cv-content-item pt-cv-1-col\" ><div class='pt-cv-ifield'><a href=\"https:\/\/www.csmiguel.pt\/web\/eleicao-dos-corpos-sociais-para-o-bienio-20192021\/\" class=\"_self pt-cv-href-thumbnail pt-cv-thumb-default\" target=\"_self\" ><img loading=\"lazy\" decoding=\"async\" width=\"300\" height=\"200\" src=\"https:\/\/www.csmiguel.pt\/web\/wp-content\/uploads\/2019\/11\/assoc-pais-nov2019-300x200.png\" class=\"pt-cv-thumbnail\" alt=\"\" \/><\/a>\n<h5 class=\"pt-cv-title\"><a href=\"https:\/\/www.csmiguel.pt\/web\/eleicao-dos-corpos-sociais-para-o-bienio-20192021\/\" class=\"_self\" target=\"_self\" >Elei\u00e7\u00e3o dos corpos sociais para o bi\u00e9nio 2019\/2021<\/a><\/h5>\n<div class=\"pt-cv-content\">Realizou-se a 28 de outubro de 2019 a Assembleia Geral Ordin\u00e1ria da Associa\u00e7\u00e3o de Pais para apresenta\u00e7\u00e3o de contas e ...<br \/><div class=\"pt-cv-rmwrap\"><a href=\"https:\/\/www.csmiguel.pt\/web\/eleicao-dos-corpos-sociais-para-o-bienio-20192021\/\" class=\"_self pt-cv-readmore btn btn-success\" target=\"_self\">Ler Mais<\/a><\/div><\/div><\/div><\/div>\n<div class=\"col-md-4 col-sm-6 col-xs-12 pt-cv-content-item pt-cv-1-col\" ><div class='pt-cv-ifield'><a href=\"https:\/\/www.csmiguel.pt\/web\/formacao-redes-sociais-e-as-novas-formas-de-relacionamento-interpessoal\/\" class=\"_self pt-cv-href-thumbnail pt-cv-thumb-default\" target=\"_self\" ><img loading=\"lazy\" decoding=\"async\" width=\"300\" height=\"200\" src=\"https:\/\/www.csmiguel.pt\/web\/wp-content\/uploads\/2018\/05\/Logo_A_Pais_CSMiguel_small-300x200.png\" class=\"pt-cv-thumbnail\" alt=\"\" srcset=\"https:\/\/www.csmiguel.pt\/web\/wp-content\/uploads\/2018\/05\/Logo_A_Pais_CSMiguel_small-300x200.png 300w, https:\/\/www.csmiguel.pt\/web\/wp-content\/uploads\/2018\/05\/Logo_A_Pais_CSMiguel_small.png 330w\" sizes=\"(max-width: 300px) 100vw, 300px\" \/><\/a>\n<h5 class=\"pt-cv-title\"><a href=\"https:\/\/www.csmiguel.pt\/web\/formacao-redes-sociais-e-as-novas-formas-de-relacionamento-interpessoal\/\" class=\"_self\" target=\"_self\" >Forma\u00e7\u00e3o &#8220;Redes Sociais e as novas formas de relacionamento interpessoal&#8221;<\/a><\/h5>\n<div class=\"pt-cv-content\">A Associa\u00e7\u00e3o de Pais do Col\u00e9gio de S\u00e3o Miguel\u00a0 promoveu na passada Sexta-feira, dia 15 de Fevereiro de 2019,a forma\u00e7\u00e3o ...<br \/><div class=\"pt-cv-rmwrap\"><a href=\"https:\/\/www.csmiguel.pt\/web\/formacao-redes-sociais-e-as-novas-formas-de-relacionamento-interpessoal\/\" class=\"_self pt-cv-readmore btn btn-success\" target=\"_self\">Ler Mais<\/a><\/div><\/div><\/div><\/div>\n<div class=\"col-md-4 col-sm-6 col-xs-12 pt-cv-content-item pt-cv-1-col\" ><div class='pt-cv-ifield'><a href=\"https:\/\/www.csmiguel.pt\/web\/conselho-eco-escolas-20182019\/\" class=\"_self pt-cv-href-thumbnail pt-cv-thumb-default\" target=\"_self\" ><img loading=\"lazy\" decoding=\"async\" width=\"300\" height=\"200\" src=\"https:\/\/www.csmiguel.pt\/web\/wp-content\/uploads\/2019\/04\/pilhas-premios-300x200.png\" class=\"pt-cv-thumbnail\" alt=\"\" \/><\/a>\n<h5 class=\"pt-cv-title\"><a href=\"https:\/\/www.csmiguel.pt\/web\/conselho-eco-escolas-20182019\/\" class=\"_self\" target=\"_self\" >Conselho Eco Escolas 2018\/2019<\/a><\/h5>\n<div class=\"pt-cv-content\">A Associa\u00e7\u00e3o de Pais dos Alunos do Col\u00e9gio de S\u00e3o Miguel aceitou com muito agrado o convite para integrar o ...<br \/><div class=\"pt-cv-rmwrap\"><a href=\"https:\/\/www.csmiguel.pt\/web\/conselho-eco-escolas-20182019\/\" class=\"_self pt-cv-readmore btn btn-success\" target=\"_self\">Ler Mais<\/a><\/div><\/div><\/div><\/div>\n<div class=\"col-md-4 col-sm-6 col-xs-12 pt-cv-content-item pt-cv-1-col\" ><div class='pt-cv-ifield'><a href=\"https:\/\/www.csmiguel.pt\/web\/formacao-o-que-os-pais-precisam-de-saber-sobre-os-adolescentes\/\" class=\"_self pt-cv-href-thumbnail pt-cv-thumb-default\" target=\"_self\" ><img loading=\"lazy\" decoding=\"async\" width=\"300\" height=\"169\" src=\"https:\/\/www.csmiguel.pt\/web\/wp-content\/uploads\/2019\/02\/Forma1Fev2-300x169.jpg\" class=\"pt-cv-thumbnail\" alt=\"\" srcset=\"https:\/\/www.csmiguel.pt\/web\/wp-content\/uploads\/2019\/02\/Forma1Fev2-300x169.jpg 300w, https:\/\/www.csmiguel.pt\/web\/wp-content\/uploads\/2019\/02\/Forma1Fev2-768x432.jpg 768w, https:\/\/www.csmiguel.pt\/web\/wp-content\/uploads\/2019\/02\/Forma1Fev2-1024x576.jpg 1024w, https:\/\/www.csmiguel.pt\/web\/wp-content\/uploads\/2019\/02\/Forma1Fev2.jpg 1652w\" sizes=\"(max-width: 300px) 100vw, 300px\" \/><\/a>\n<h5 class=\"pt-cv-title\"><a href=\"https:\/\/www.csmiguel.pt\/web\/formacao-o-que-os-pais-precisam-de-saber-sobre-os-adolescentes\/\" class=\"_self\" target=\"_self\" >Forma\u00e7\u00e3o &#8220;O que os pais precisam de saber sobre os adolescentes&#8221;<\/a><\/h5>\n<div class=\"pt-cv-content\">A Associa\u00e7\u00e3o de Pais do Col\u00e9gio de S\u00e3o Miguel\u00a0 promoveu na passada Sexta-feira, dia 1 de Fevereiro de 2019,a forma\u00e7\u00e3o ...<br \/><div class=\"pt-cv-rmwrap\"><a href=\"https:\/\/www.csmiguel.pt\/web\/formacao-o-que-os-pais-precisam-de-saber-sobre-os-adolescentes\/\" class=\"_self pt-cv-readmore btn btn-success\" target=\"_self\">Ler Mais<\/a><\/div><\/div><\/div><\/div><\/div><\/div>\n<div class=\" pt-cv-pagination-wrapper\"><ul class=\"pt-cv-pagination pt-cv-ajax pagination\" data-totalpages=\"2\" data-currentpage=\"1\" data-sid=\"b317db3xm0\" data-unid=\"\" data-isblock=\"\" data-postid=\"\"><li class=\"active\"><a href=\"#\">1<\/a><\/li>\n\t<li ><a class=\"\" href=\"https:\/\/www.csmiguel.pt\/web\/wp-json\/wp\/v2\/pages\/13042\/?_page=2\">2<\/a><\/li>\n\t<li ><a class=\" \" href=\"https:\/\/www.csmiguel.pt\/web\/wp-json\/wp\/v2\/pages\/13042\/?_page=2\">&rsaquo;<\/a><\/li>\n\t<\/ul><img loading=\"lazy\" decoding=\"async\" width=\"15\" height=\"15\" class=\"pt-cv-spinner\" alt=\"Loading...\" src=\"data:image\/gif;base64,R0lGODlhDwAPALMPAMrKygwMDJOTkz09PZWVla+vr3p6euTk5M7OzuXl5TMzMwAAAJmZmWZmZszMzP\/\/\/yH\/C05FVFNDQVBFMi4wAwEAAAAh+QQFCgAPACwAAAAADwAPAAAEQvDJaZaZOIcV8iQK8VRX4iTYoAwZ4iCYoAjZ4RxejhVNoT+mRGP4cyF4Pp0N98sBGIBMEMOotl6YZ3S61Bmbkm4mAgAh+QQFCgAPACwAAAAADQANAAAENPDJSRSZeA418itN8QiK8BiLITVsFiyBBIoYqnoewAD4xPw9iY4XLGYSjkQR4UAUD45DLwIAIfkEBQoADwAsAAAAAA8ACQAABC\/wyVlamTi3nSdgwFNdhEJgTJoNyoB9ISYoQmdjiZPcj7EYCAeCF1gEDo4Dz2eIAAAh+QQFCgAPACwCAAAADQANAAAEM\/DJBxiYeLKdX3IJZT1FU0iIg2RNKx3OkZVnZ98ToRD4MyiDnkAh6BkNC0MvsAj0kMpHBAAh+QQFCgAPACwGAAAACQAPAAAEMDC59KpFDll73HkAA2wVY5KgiK5b0RRoI6MuzG6EQqCDMlSGheEhUAgqgUUAFRySIgAh+QQFCgAPACwCAAIADQANAAAEM\/DJKZNLND\/kkKaHc3xk+QAMYDKsiaqmZCxGVjSFFCxB1vwy2oOgIDxuucxAMTAJFAJNBAAh+QQFCgAPACwAAAYADwAJAAAEMNAs86q1yaWwwv2Ig0jUZx3OYa4XoRAfwADXoAwfo1+CIjyFRuEho60aSNYlOPxEAAAh+QQFCgAPACwAAAIADQANAAAENPA9s4y8+IUVcqaWJ4qEQozSoAzoIyhCK2NFU2SJk0hNnyEOhKR2AzAAj4Pj4GE4W0bkJQIAOw==\" \/><div class=\"clear pt-cv-clear-pagination\"><\/div><\/div><\/div>[\/vc_column_text][\/vc_column][\/vc_row]\n","protected":false},"excerpt":{"rendered":"<p>A Associa\u00e7\u00e3o de Pais do Col\u00e9gio de S\u00e3o Miguel\u00a0 promoveu na passada Sexta-feira, dia 1 de Fevereiro de 2019,a forma\u00e7\u00e3o &#8220;O que os pais precisam de saber sobre adolescentes&#8221;.<br \/>\nTratou-se duma forma\u00e7\u00e3o administrada pela formadora Andreia Azevedo (Psic\u00f3loga\/Psicoterapeuta) que pretendeu, atrav\u00e9s duma viagem apelativa e interativa sobre o ser adolescente, desmitificar mitos da crise e da dita idade &#8220;complicada&#8221;, bem como compreender o desenvolvimento e as fun\u00e7\u00f5es de alguns comportamentos\/problemas.<br \/>\nAgradecemos a forte ades\u00e3o dos pais.<\/p>\n<p><br ...\n<\/p>\n","protected":false},"author":4,"featured_media":0,"parent":0,"menu_order":0,"comment_status":"closed","ping_status":"closed","template":"","meta":{"pgc_meta":"","_monsterinsights_skip_tracking":false,"_monsterinsights_sitenote_active":false,"_monsterinsights_sitenote_note":"","_monsterinsights_sitenote_category":0,"iawp_total_views":159,"footnotes":""},"class_list":["post-13042","page","type-page","status-publish","hentry"],"pgc_meta":"","_links":{"self":[{"href":"https:\/\/www.csmiguel.pt\/web\/wp-json\/wp\/v2\/pages\/13042"}],"collection":[{"href":"https:\/\/www.csmiguel.pt\/web\/wp-json\/wp\/v2\/pages"}],"about":[{"href":"https:\/\/www.csmiguel.pt\/web\/wp-json\/wp\/v2\/types\/page"}],"author":[{"embeddable":true,"href":"https:\/\/www.csmiguel.pt\/web\/wp-json\/wp\/v2\/users\/4"}],"replies":[{"embeddable":true,"href":"https:\/\/www.csmiguel.pt\/web\/wp-json\/wp\/v2\/comments?post=13042"}],"version-history":[{"count":8,"href":"https:\/\/www.csmiguel.pt\/web\/wp-json\/wp\/v2\/pages\/13042\/revisions"}],"predecessor-version":[{"id":13148,"href":"https:\/\/www.csmiguel.pt\/web\/wp-json\/wp\/v2\/pages\/13042\/revisions\/13148"}],"wp:attachment":[{"href":"https:\/\/www.csmiguel.pt\/web\/wp-json\/wp\/v2\/media?parent=13042"}],"curies":[{"name":"wp","href":"https:\/\/api.w.org\/{rel}","templated":true}]}}